{"id":1295,"date":"2019-10-18T10:08:25","date_gmt":"2019-10-18T08:08:25","guid":{"rendered":"http:\/\/beesel-brueggen.eu\/?page_id=1295"},"modified":"2022-12-15T09:16:27","modified_gmt":"2022-12-15T08:16:27","slug":"anmeldung-zum-ersten-grens-ztreffen","status":"publish","type":"page","link":"https:\/\/beesel-brueggen.eu\/?page_id=1295","title":{"rendered":"Anmeldung zum zweiten Gren(s\/z)treffen am 26.01.2023"},"content":{"rendered":"\n<p>Sch\u00f6n, dass Sie dabei sind! Freuen Sie sich gemeinsam mit uns auf einen  grenz\u00fcberschreitenden Abend mit interessanten Gespr\u00e4chen. <\/p>\n\n\n\n<p>Veranstaltungsort ist das Restaurant &#8222;De Witte Stein&#8220;, Keulseweg 193, Beesel\/Reuver<\/p>\n\n\n\n<p><strong>18.00 Uhr<\/strong><br>Ankommen mit kleinem Snack<\/p>\n\n\n\n<p><strong>18.30 Uhr<\/strong><br>Begr\u00fc\u00dfung durch Vincent Pijnenburg, Vorsitzender des Business-Club Maas-Rhein und Anouk Huijs, Wethouder Gemeente Beesel<\/p>\n\n\n\n<p><strong>18.45 Uhr<\/strong><br>Podiumsdiskussion mit<\/p>\n\n\n\n<ul>\n<li>Burgemeester Bob Vostermans<\/li>\n\n\n\n<li>B\u00fcrgermeister Frank Gellen<\/li>\n\n\n\n<li>Dirk Letter, Firma Togrund und Mitglied des Business Club Maas Rhein<\/li>\n\n\n\n<li>Ben Zohlen, Lankes Erdbewegungen aus Br\u00fcggen<\/li>\n\n\n\n<li>Marc Stroucken, Thijssen-Emans aus Beesel<\/li>\n<\/ul>\n\n\n\n<p>Bei kleinen Snacks und Getr\u00e4nken besteht reichlich Gelegenheit zum Netzwerken. <\/p>\n\n\n\n<p>Melden Sie sich bitte hier kurz an: <\/p>\n\n\n<div class=\"cf7sg-container\"><div id=\"cf7sg-form-anmeldung_copy\" class=\"cf7-smart-grid has-grid key_anmeldung_copy\"><div class=\"wpcf7 no-js\" id=\"wpcf7-f1355-o1\" lang=\"de-DE\" dir=\"ltr\">\n<div class=\"screen-reader-response\"><p role=\"status\" aria-live=\"polite\" aria-atomic=\"true\"><\/p> <ul><\/ul><\/div>\n<form action=\"\/index.php?rest_route=%2Fwp%2Fv2%2Fpages%2F1295#wpcf7-f1355-o1\" method=\"post\" class=\"wpcf7-form init\" aria-label=\"Kontaktformular\" novalidate=\"novalidate\" data-status=\"init\">\n<div style=\"display: none;\">\n<input type=\"hidden\" name=\"_wpcf7\" value=\"1355\" \/>\n<input type=\"hidden\" name=\"_wpcf7_version\" value=\"5.7\" \/>\n<input type=\"hidden\" name=\"_wpcf7_locale\" value=\"de_DE\" \/>\n<input type=\"hidden\" name=\"_wpcf7_unit_tag\" value=\"wpcf7-f1355-o1\" \/>\n<input type=\"hidden\" name=\"_wpcf7_container_post\" value=\"0\" \/>\n<input type=\"hidden\" name=\"_wpcf7_posted_data_hash\" value=\"\" \/>\n<input type=\"hidden\" name=\"_wpcf7_key\" value=\"anmeldung_copy\" \/>\n<input type=\"hidden\" name=\"_cf7sg_toggles\" value=\"\" \/>\n<input type=\"hidden\" name=\"_cf7sg_version\" value=\"4.15.2\" \/>\n<input type=\"hidden\" name=\"_wpnonce\" value=\"8324b1f050\" \/>\n<input type=\"hidden\" name=\"_wpcf7_lang\" value=\"\" \/>\n<input type=\"hidden\" name=\"_wpcf7_recaptcha_response\" value=\"\" \/>\n<\/div>\n<div class=\"container\">\n  <div class=\"row\">\n    <div class=\"columns full\">\n      <div class=\"container\">\n        <div class=\"row\">\n          <div class=\"columns full\">\n            <div class=\"field\"><label>Name<em>*<\/em><\/label><span class=\"wpcf7-form-control-wrap\" data-name=\"Name\"><input size=\"40\" class=\"wpcf7-form-control wpcf7-text wpcf7-validates-as-required\" aria-required=\"true\" aria-invalid=\"false\" value=\"\" type=\"text\" name=\"Name\" \/><\/span>\n              <p class=\"info-tip\"><\/p>\n            <\/div>\n          <\/div>\n        <\/div>\n      <\/div>\n      <div class=\"container\">\n        <div class=\"row\">\n          <div class=\"columns full\">\n            <div class=\"field\"><label>Unternehmen<em>*<\/em><\/label><span class=\"wpcf7-form-control-wrap\" data-name=\"Unternehmen\"><input size=\"40\" class=\"wpcf7-form-control wpcf7-text wpcf7-validates-as-required\" aria-required=\"true\" aria-invalid=\"false\" value=\"\" type=\"text\" name=\"Unternehmen\" \/><\/span>\n              <p class=\"info-tip\"><\/p>\n            <\/div>\n          <\/div>\n        <\/div>\n      <\/div>\n      <div class=\"container\">\n        <div class=\"row\">\n          <div class=\"columns full\">\n            <div class=\"field\"><label>Mail<em>*<\/em><\/label><span class=\"wpcf7-form-control-wrap\" data-name=\"Mail\"><input size=\"40\" class=\"wpcf7-form-control wpcf7-text wpcf7-email wpcf7-validates-as-required wpcf7-validates-as-email\" aria-required=\"true\" aria-invalid=\"false\" value=\"\" type=\"email\" name=\"Mail\" \/><\/span>\n              <p class=\"info-tip\"><\/p>\n            <\/div>\n          <\/div>\n        <\/div>\n      <\/div>\n      <div class=\"container\">\n        <div class=\"row\">\n          <div class=\"columns full\">\n            <div class=\"field\"><label>Optionale Nachricht<\/label><span class=\"wpcf7-form-control-wrap\" data-name=\"Nachricht\"><input size=\"40\" class=\"wpcf7-form-control wpcf7-text\" aria-invalid=\"false\" value=\"\" type=\"text\" name=\"Nachricht\" \/><\/span>\n              <p class=\"info-tip\"><\/p>\n            <\/div>\n          <\/div>\n        <\/div>\n      <\/div>\n      <p><\/p>\n      <div class=\"container\">\n        <div class=\"row\">\n          <div class=\"columns full\">\n            <div class=\"field\"><label><\/label><span class=\"wpcf7-form-control-wrap\" data-name=\"Quiz\"><label><span class=\"wpcf7-quiz-label\">Spamschutz: Wie lautet die Summe aus 12+48?<\/span> <input size=\"40\" class=\"wpcf7-form-control wpcf7-quiz\" autocomplete=\"off\" aria-required=\"true\" aria-invalid=\"false\" type=\"text\" name=\"Quiz\" \/><\/label><input type=\"hidden\" name=\"_wpcf7_quiz_answer_Quiz\" value=\"91b8564cf620a4dd608895f01ed97eb3\" \/><\/span>\n              <p class=\"info-tip\"><\/p>\n            <\/div>\n          <\/div>\n        <\/div>\n      <\/div>\n      <div class=\"container\">\n        <div class=\"row\">\n          <div class=\"columns full\">\n            <div class=\"field\"><label><\/label><span class=\"wpcf7-form-control-wrap\" data-name=\"Zustimmung\"><span class=\"wpcf7-form-control wpcf7-acceptance\"><span class=\"wpcf7-list-item\"><label><input type=\"checkbox\" name=\"Zustimmung\" value=\"1\" aria-invalid=\"false\" \/><span class=\"wpcf7-list-item-label\">Die Datenschutzbestimmungen habe ich zur Kenntnis genommen. Ich stimme der elektronischen Speicherung meiner Anmeldedaten f\u00fcr Zwecke der Veranstaltungsplanung zu und willige ein, im Rahmen der Veranstaltungsplanung kontaktiert zu werden.<\/span><\/label><\/span><\/span><\/span>\n              <p class=\"info-tip\"><\/p>\n            <\/div>\n          <\/div>\n        <\/div>\n      <\/div>\n      <div class=\"container\">\n        <div class=\"row\">\n          <div class=\"columns full\">\n            <div class=\"field\"><label><\/label><span class=\"wpcf7-form-control-wrap\" data-name=\"checkbox-57\"><span class=\"wpcf7-form-control wpcf7-checkbox\"><span class=\"wpcf7-list-item first last\"><input type=\"checkbox\" name=\"checkbox-57[]\" value=\"Dar\u00fcber hinaus willige ich ein, auch zuk\u00fcnftig \u00fcber Veranstaltungen und Neuigkeiten im Rahmen der Kooperation der Gemeinden Beesel und Br\u00fcggen informiert zu werden.\" tabindex=\"\" \/><span class=\"wpcf7-list-item-label\">Dar\u00fcber hinaus willige ich ein, auch zuk\u00fcnftig \u00fcber Veranstaltungen und Neuigkeiten im Rahmen der Kooperation der Gemeinden Beesel und Br\u00fcggen informiert zu werden.<\/span><\/span><\/span><\/span>\n              <p class=\"info-tip\"><\/p>\n            <\/div>\n          <\/div>\n        <\/div>\n      <\/div>\n      <p><\/p>\n      <p><\/p>\n      <div class=\"container\">\n        <div class=\"row\">\n          <div class=\"columns full\">\n            <div class=\"field\"><label><\/label><input class=\"wpcf7-form-control has-spinner wpcf7-submit\" type=\"submit\" value=\"Senden\" \/>\n              <p class=\"info-tip\"><\/p>\n            <\/div>\n          <\/div>\n        <\/div>\n      <\/div>\n    <\/div>\n  <\/div>\n<\/div><div class=\"wpcf7-response-output\" aria-hidden=\"true\"><\/div><\/form><\/div><\/div><\/div>\n\n\n\n<p><\/p>\n","protected":false},"excerpt":{"rendered":"<p>Sch\u00f6n, dass Sie dabei sind! Freuen Sie sich gemeinsam mit uns auf einen grenz\u00fcberschreitenden Abend<\/p>\n","protected":false},"author":1,"featured_media":0,"parent":0,"menu_order":0,"comment_status":"closed","ping_status":"closed","template":"","meta":[],"_links":{"self":[{"href":"https:\/\/beesel-brueggen.eu\/index.php?rest_route=\/wp\/v2\/pages\/1295"}],"collection":[{"href":"https:\/\/beesel-brueggen.eu\/index.php?rest_route=\/wp\/v2\/pages"}],"about":[{"href":"https:\/\/beesel-brueggen.eu\/index.php?rest_route=\/wp\/v2\/types\/page"}],"author":[{"embeddable":true,"href":"https:\/\/beesel-brueggen.eu\/index.php?rest_route=\/wp\/v2\/users\/1"}],"replies":[{"embeddable":true,"href":"https:\/\/beesel-brueggen.eu\/index.php?rest_route=%2Fwp%2Fv2%2Fcomments&post=1295"}],"version-history":[{"count":15,"href":"https:\/\/beesel-brueggen.eu\/index.php?rest_route=\/wp\/v2\/pages\/1295\/revisions"}],"predecessor-version":[{"id":1368,"href":"https:\/\/beesel-brueggen.eu\/index.php?rest_route=\/wp\/v2\/pages\/1295\/revisions\/1368"}],"wp:attachment":[{"href":"https:\/\/beesel-brueggen.eu\/index.php?rest_route=%2Fwp%2Fv2%2Fmedia&parent=1295"}],"curies":[{"name":"wp","href":"https:\/\/api.w.org\/{rel}","templated":true}]}}